{"version":"1.0","provider_name":"Dr Marcsi","provider_url":"https:\/\/drmarcsi.cafeblog.hu","author_name":"Dr Marcsi","author_url":"https:\/\/drmarcsi.cafeblog.hu\/author\/dr_marcsi\/","title":"\u00d6r\u00f6ks\u00e9g.  \u00d6r\u00f6ks\u00e9g???","html":"<p>\u00c9s megint egy n\u00e9ni, ez\u00fattal Ilonka. \u00c9s nem hagyta n\u00e9ninek sz\u00f3l\u00edtani mag\u00e1t. \u00c9n 29 \u00e9ves voltam, \u0151 76.<\/p>\r\n<p>Nagyon \u00e9rdekes ember volt. K\u00fcls\u0151leg f\u00e9rfias von\u00e1sokkal, testes, magas, fi\u00fasan r\u00f6vid \u0151sz hajjal, m\u00e9ly hanggal. Mindig pontosan tudta, mit akar \u00e9s ezt ki is mondta. Kedveltem.<\/p>\r\n<p>\u0150t is havonta l\u00e1togattam. Igen sz\u00e9p b\u00fatorai \u00e9s kincsei voltak, ezek az antik t\u00e1rgyak mindkett\u0151nknek kincset jelentettek. Egyik l\u00e1togat\u00e1som alkalm\u00e1val felsz\u00f3l\u00edtott, hogy vegyem le a szekr\u00e9ny tetej\u00e9r\u0151l azt a hatalmas Zsolnay kasp\u00f3t, vigyem haza \u00e9s tegyem bele kedvenc\u00a0 n\u00f6v\u00e9nyemet. Egy b\u00e9rh\u00e1z harmadik emelet\u00e9n, k\u0151rfolyos\u00f3n lakott. Nagyon\u00a0 kellemetlennek gondoltam, hogy egy hatalmas csomaggal s\u00e9t\u00e1ljak k\u00f6rbe a folyos\u00f3n, halogattam az elvitelt. Majdnem minden alkalommal kapacit\u00e1lt \u00e9s \u00e9n tiltakoztam. Ezt a j\u00e1t\u00e9kot \u00e9vekig j\u00e1tszottuk. Amikor \u00e1llapota romlani kezdett \/s\u00falyos sz\u00edvbeteg volt\/ egy napon azzal fogadott, hogy t\u00e1voli\u00a0 rokonai fogj\u00e1k minden\u00e9t \u00f6r\u00f6k\u00f6lni \u00e9s \u0151 le\u00edrta hogy a kasp\u00f3t \u00e9n kapjam meg ha \u0151 t\u00e1vozik. Ekkor tudtam meg hogy szoros kapcsolatban van a szomsz\u00e9dos l\u00e9pcs\u0151h\u00e1zban lak\u00f3 Ann\u00e1val, a t\u00f6r\u00e9keny, kedves, z\u00e1rk\u00f3zott l\u00e1nnyal\u2026..szint\u00e9n 76 \u00e9ves volt. \u0150 is megkapta a feladatot: Margit hal\u00e1la eset\u00e9n a kasp\u00f3 az eny\u00e9m legyen.<\/p>\r\n<p>Egy vid\u00e1m tavaszi reggelen Anna s\u00edrva h\u00edvott, Margit az \u00e9jszaka elment\u2026. Addigra j\u00f3 bar\u00e1tok lett\u00fcnk, szomor\u00fav\u00e1 tett elveszt\u00e9se.<\/p>\r\n<p>Teltek a napok, majd Anna elj\u00f6tt hozz\u00e1m. Addigra Margitot eltemett\u00e9k.\u00a0 Anna elmes\u00e9lte hogy \u00e9let\u00e9ben egy\u00e1ltal\u00e1n nem t\u00f6r\u0151dtek Margittal a kettej\u00fck bar\u00e1ts\u00e1ga miatt. Mindent megn\u00e9ztek, elolvast\u00e1k Margit \u00f3hajait \/nem csak a kasp\u00f3r\u00f3l rendelkezett\/ \u00e9s komor arccal els\u0151k\u00e9nt a kasp\u00f3t vitt\u00e9k ki a lak\u00e1sb\u00f3l\u2026..<\/p>\r\n<p>Az \u00f6r\u00f6ks\u00e9gem teh\u00e1t nem a kasp\u00f3 lett, hanem Margit bar\u00e1ts\u00e1ga, bizalma. \u00d6v\u00e9k lett a kasp\u00f3.<\/p>\r\n<p>Hat\u00e1rozottan \u00e9n j\u00e1rtam jobban\u2026\u2026..<\/p>\r\n<p><img class=\"size-medium wp-image-99 aligncenter\" src=\"https:\/\/drmarcsi.cafeblog.hu\/files\/2019\/06\/588a3205c4650-zsolnay-kaspo-gyonyoru-festessel-attort-mintaval-289x300.jpg\" alt=\"\" width=\"289\" height=\"300\" \/><\/p>","type":"rich"}